{"id":930,"date":"2021-03-04T17:36:01","date_gmt":"2021-03-04T15:36:01","guid":{"rendered":"https:\/\/mediaplannerblog.com\/?page_id=930"},"modified":"2021-03-12T07:24:02","modified_gmt":"2021-03-12T05:24:02","slug":"politika-privatnosti","status":"publish","type":"page","link":"https:\/\/mediaplannerblog.com\/sr\/politika-privatnosti\/","title":{"rendered":"Politika privatnosti"},"content":{"rendered":"<div style=\"height:80px\" aria-hidden=\"true\" class=\"wp-block-spacer\"><\/div>\n\n\n\n<p>Dobrodo\u0161li na mediaplannerblog.com!<\/p>\n\n\n\n<div style=\"height:30px\" aria-hidden=\"true\" class=\"wp-block-spacer\"><\/div>\n\n\n\n<p>Kao iskusan marketing stru\u010dnjak i neko ko ceni va\u0161u privatnost \u017eelim da vas informi\u0161em, na jedan krajnje transparentan na\u010din, kako mediaplannerblog.com&nbsp;koristi va\u0161e podatke i brine o njihovoj bezbednosti. Ovde mo\u017eete videti informacije o svim podacima koje prikuplja mediaplannerblog.com prilikom va\u0161e posete ili prilikom prijave na neki od njegovih servisa.&nbsp;<\/p>\n\n\n\n<p>Podaci o li\u010dnosti su svi podaci koji se neposredno ili posredno odnose ili mogu da se odnose na vas kao fizi\u010dko lice. Kao zakonski osnov koji ure\u0111uje za\u0161titu podataka i uslove za obradu va\u0161ih li\u010dnih podataka primenjujemo Zakon o za\u0161titi podataka o li\u010dnosti (&#8220;Sl. glasnik RS&#8221;, br. 87\/2018), u daljem tekstu ,,Zakon\u201d).&nbsp;<\/p>\n\n\n\n<p>U slu\u010daju da&nbsp;mediaplannerblog.com sadr\u017ei linkove ka drugim internet stranicama, zamolio bih vas da se adekvatno upoznate sa politikama privatnosti koje se nalaze na tim internet stranicama i na\u010dinom na koji ta lica obra\u0111uju podatke o vama. Imajte u vidu da&nbsp;mediaplannerblog.com nema nikakvu kontrolu nad sadr\u017eajem drugih internet stranica, te zbog toga ne mo\u017ee biti odgovoran za za\u0161titu va\u0161e privatnosti kada pose\u0107ujete druge sajtove.<\/p>\n\n\n\n<h3 class=\"wp-block-heading\"><strong>1. Na koji na\u010din se prikupljaju va\u0161i li\u010dni podaci i po kom osnovu?<\/strong><\/h3>\n\n\n\n<p>Informacije koje prikupljamo dobijamo direktno od vas prilikom posete sajtu ili putem popunjavanja nekog od formulara. Svi va\u0161i li\u010dni podaci se tretiraju kao strogo poverljivi i medijaplannerblog.com&nbsp;ili neko od njegovih partnera ih \u010duva na adekvatan na\u010din. U skladu sa va\u017ee\u0107im zakonodavstvom koje reguli\u0161e za\u0161titu li\u010dnih podataka va\u0161i podaci se obra\u0111uju prema slede\u0107im osnovama:&nbsp;<\/p>\n\n\n\n<ul class=\"wp-block-list\"><li>kada za obradu va\u0161ih podataka mediaplannerblog.com&nbsp;ima legitiman interes, osim ukoliko su nad tim interesima&nbsp;prete\u017eniji&nbsp;va\u0161i interesi ili osnovna prava i slobode;<\/li><li>kada ste nam za obradu va\u0161ih li\u010dnih podataka dali saglasnost za odre\u0111enu svrhu obrade, pri \u010demu u svakom trenutku imate pravo da datu saglasnost povu\u010dete;<\/li><\/ul>\n\n\n\n<p>Dostavljanje li\u010dnih podataka po ovim pravnim osnovama je dobrovoljno, ali ukoliko nam uskratite ove podatke u pojedinim situacijama mediaplannerblog.com&nbsp;mo\u017eda ne\u0107e biti u mogu\u0107nosti da vam pru\u017ei odre\u0111ene usluge, kao \u0161to je na primer slanje&nbsp;newsletter&nbsp;na va\u0161u email adresu. Navedeni pravni osnovi se primenjuju u zavisnosti od svrhe za koju prikupljamo va\u0161e podatke i o \u010demu \u0107ete biti na vreme obave\u0161teni.&nbsp;<\/p>\n\n\n\n<h3 class=\"wp-block-heading\"><strong>2. Koje podatke prikupljamo od vas?<\/strong><\/h3>\n\n\n\n<p>Mediaplannerblog.com prikuplja nekoliko kategorija podataka.<\/p>\n\n\n\n<h4 class=\"wp-block-heading\"><strong>Kontakt podaci prilikom slanja razli\u010ditih upita<\/strong><\/h4>\n\n\n\n<p>U zavisnosti od na\u010dina na koji ste stupili u kontakt sa mediaplannerblog.com&nbsp;podaci o va\u0161em imenu, prezimenu, adresi e-po\u0161te, kao i ostale informacije koje ste razmenili mogu biti prikupljeni.<\/p>\n\n\n\n<h4 class=\"wp-block-heading\"><strong>Podaci za marketin\u0161ke svrhe<\/strong>  <\/h4>\n\n\n\n<p>Podaci koje se prikupljaju i koriste u marketin\u0161ke svrhe su:<\/p>\n\n\n\n<ul class=\"wp-block-list\"><li>adresa e-po\u0161te koju prikupljamo prilikom prijave na&nbsp;newsletter&nbsp;&nbsp;<\/li><li>podaci koji potpadaju pod termin \u201cprofilisanje\u201d (vi\u0161e o ovome u delu \u201cProfilisanje\u201d)&nbsp;<\/li><\/ul>\n\n\n\n<p>Ovi podaci se koriste kako bi vas obave\u0161tavali o aktuelnim de\u0161avanjima i\/ili slali vam sadr\u017eaj personalizovanog karaktera. Va\u0161u saglasnost za kori\u0161\u0107enje ovih podataka u marketin\u0161ke svrhe mo\u017eete da opozovete u svakom trenutku putem opcije u&nbsp;newsletter&nbsp;ili direktnim kontaktom i u tom slu\u010daju&nbsp;mediaplannerblog.com \u0107e prestati da vam \u0161alje sadr\u017eaj. Opoziv pristanka ne uti\u010de na dopu\u0161tenost obrade koja je vr\u0161ena na osnovu pristanka pre opoziva. Obave\u0161tavamo vas da u slu\u010daju&nbsp;newsletter&nbsp;i&nbsp;profilisanja&nbsp;anga\u017eujemo eksterne partnere u cilju izvr\u0161enja ovih usluga i tom prilikom mo\u017ee do\u0107i do prenosa va\u0161ih podataka tim licima. Vi\u0161e o na\u0161im partnerima u delu \u201cKo ima pristup va\u0161im podacima\u201d.<\/p>\n\n\n\n<h4 class=\"wp-block-heading\"><strong>Profilisanje<\/strong>&nbsp;<\/h4>\n\n\n\n<p>U slu\u010daju slanja ili prikazivanja sadr\u017eaja koji su personalizovanog karaktera mo\u017eemo koristiti pojedine postupke koji su ozna\u010deni kao&nbsp;profilisanje&nbsp;(odnosno, bilo koji oblik automatizovanog procesa obrade li\u010dnih podataka koji se sastoji iz kori\u0161\u0107enja prikupljenih podataka o li\u010dnosti kako bismo procenili odre\u0111ene li\u010dne aspekte koji su u vezi sa fizi\u010dkim licem, konkretno, da bismo analizirali ili predvideli aspekte koji se ti\u010du li\u010dnih afiniteta konkretnog fizi\u010dkog lica, njegovog interesovanja, ekonomskog polo\u017eaja, pona\u0161anja ili lokacije). Na osnovu na\u0161e analize vr\u0161imo prikazivanje obave\u0161tenja i\/ili sadr\u017eaj kreiranog prema va\u0161im interesovanjima\/potrebama. Ovo se vr\u0161i isklju\u010divo na osnovu va\u0161e saglasnosti.&nbsp;<\/p>\n\n\n\n<h4 class=\"wp-block-heading\"><strong>Podaci prilikom posete stranicama mediaplannerblog.com<\/strong><\/h4>\n\n\n\n<p>Uz va\u0161u saglasnost bele\u017eimo i va\u0161e pona\u0161anje kao korisnika internet portala mediaplannerblog.com i&nbsp;newsletter. Ovo podrazumeva bele\u017eenje podataka o sadr\u017eaju na&nbsp;kojem&nbsp;se zadr\u017eavate i linkove koje tamo koristite. Ovim putem kreiraju se personalizovani korisni\u010dki profili sa va\u0161im li\u010dnim podacima kako bismo vam slali personalizovani sadr\u017eaj,&nbsp;newsletter, on-site promocije prilago\u0111ene va\u0161em interesovanju.&nbsp;<\/p>\n\n\n\n<p>Mediaplannerblog.com&nbsp;obra\u0111uje va\u0161e podatke na osnovu posete i tom prilikom dolazi do razmene va\u0161ih li\u010dnih podataka izme\u0111u va\u0161eg ure\u0111aja i na\u0161eg servera. Podaci koji se prikupljaju na taj na\u010din koriste se za optimizaciju mediaplannerblog.com&nbsp;ili prikazivanje personalizovanog sadr\u017eaja. Prilikom va\u0161e posete pretra\u017eiva\u010d na va\u0161em ure\u0111aju \u0107e automatski i bez va\u0161e aktivnosti poslati na na\u0161 server:<\/p>\n\n\n\n<ul class=\"wp-block-list\"><li>IP adresu ure\u0111aja sa kog je poslat upit i koji ima pristup internetu;&nbsp;<\/li><li>datum i vreme pristupa;&nbsp;<\/li><li>ime&nbsp;i&nbsp;URL&nbsp;preuzete&nbsp;datoteke;&nbsp;<\/li><li>internet&nbsp;stranicu\/aplikaciju&nbsp;sa&nbsp;koje&nbsp;se&nbsp;pristupa&nbsp;(referrer URL);&nbsp;<\/li><li>pretra\u017eiva\u010d&nbsp;koji&nbsp;koristite&nbsp;i,&nbsp;ako&nbsp;je&nbsp;potrebno,&nbsp;operativni&nbsp;sistem&nbsp;ra\u010dunara&nbsp;koji&nbsp;podr\u017eava&nbsp;internet,&nbsp;kao&nbsp;i&nbsp;ime&nbsp;va\u0161eg&nbsp;provajdera;&nbsp;<\/li><\/ul>\n\n\n\n<p>Navedene podatke server privremeno \u010duva u takozvanoj log datoteci u svrhe:&nbsp;<\/p>\n\n\n\n<ul class=\"wp-block-list\"><li>obezbe\u0111ivanja uspostavljanja nesmetane veze;&nbsp;<\/li><li>obezbe\u0111ivanja komfornog kori\u0161\u0107enja na\u0161e internet stranice\/aplikacije;&nbsp;<\/li><li>procene bezbednosti i stabilnosti sistema;&nbsp;<\/li><\/ul>\n\n\n\n<p>Ukoliko ste aktivirali funkciju&nbsp;geolokacije, odnosno dali va\u0161 pristanak, ove podatke koristimo isklju\u010divo radi prikazivanja personalizovanog sadr\u017eaja.&nbsp; Pravni osnov za obradu IP adrese je legitimni interes, koji proizlazi iz gore navedene svrhe obrade podataka, budu\u0107i da je to tehni\u010dki uslov za funkcionisanje sajta. Ove podatke ne prenosimo tre\u0107im licima. Podaci se \u010duvaju privremeno i to za vreme posete stranici, a zatim se automatski bri\u0161u. Nakon \u0161to napustite na\u0161u internet stranicu, podaci o&nbsp;geolokaciji&nbsp;se bri\u0161u.<\/p>\n\n\n\n<h4 class=\"wp-block-heading\"><strong>Kola\u010di\u0107i<\/strong>&nbsp;<\/h4>\n\n\n\n<p>Mediaplannerblog.com&nbsp;koristi male datoteke pod nazivom kola\u010di\u0107i koji ostaju na va\u0161em ure\u0111aju prilikom posete. Ovi kola\u010di\u0107i ne sadr\u017ee viruse ili bilo koji drugi zlonamerni softver ve\u0107 se u njima \u010duvaju informacije koje se dobijaju u vezi sa va\u0161im ure\u0111ajem. To ne zna\u010di da smo upoznati sa va\u0161im identitetom. Kola\u010di\u0107i slu\u017ee da u\u010dine va\u0161u posetu mediaplannerblog.com&nbsp;\u0161to prijatnijom.<\/p>\n\n\n\n<p>Pomo\u0107u kola\u010di\u0107a dobijamo informaciju o tome koje ste delove mediaplannerblog.com posetili, koje strane i jo\u0161 mnoge statisti\u010dke podatke vezano za va\u0161e korisni\u010dko iskustvo. Sve ove radnje su preduzete s namerom da va\u0161u posetu u\u010dine \u0161to prijatnijom i sadr\u017eaj prilagodimo va\u0161im interesovanjima. Ovi kola\u010di\u0107i se automatski bri\u0161u nakon \u0161to napustite mediaplannerblog.com ili nakon odre\u0111enog vremenskog perioda.<\/p>\n\n\n\n<p>Tako\u0111e bi hteli da vas informi\u0161emo da ve\u0107ina internet pretra\u017eiva\u010da automatski prihvata kola\u010di\u0107e. Vi mo\u017eete podesiti va\u0161 internet pretra\u017eiva\u010d da ne \u010duva kola\u010di\u0107e ili da vas obavesti pre nego \u0161to se kreira novi kola\u010di\u0107. Imajte na umu da potpuno onemogu\u0107avanje kola\u010di\u0107a mo\u017ee dovesti do nemogu\u0107nosti da koristite sve funkcije mediaplannerblog.com.&nbsp;<\/p>\n\n\n\n<h4 class=\"wp-block-heading\"><strong>Google analitika<\/strong><\/h4>\n\n\n\n<p>Mediaplannerblog.com se trudi da kvalitet sadr\u017eaja i korisni\u010dko iskustvo uvek budu na najvi\u0161em mogu\u0107em nivou. Iz tog razloga koristimo Google&nbsp;Analytics&nbsp;&#8211; uslugu za veb analitiku koju pru\u017ea Google&nbsp;Inc. (\u201cGoogle\u201d). Zarad toga koriste se&nbsp;pseudonimizovani&nbsp;profili i kola\u010di\u0107i. Kola\u010di\u0107i generi\u0161u slede\u0107e informacije o va\u0161oj poseti mediaplannerblog.com:<\/p>\n\n\n\n<ul class=\"wp-block-list\"><li>tip\/verzija pretra\u017eiva\u010da;&nbsp;<\/li><li>operativni&nbsp;sistem&nbsp;koji se&nbsp;koristi;&nbsp;<\/li><li>referrer URL (prethodno&nbsp;pose\u0107ena&nbsp;stranica);&nbsp;<\/li><li>hostname&nbsp;ra\u010dunara&nbsp;sa&nbsp;kog&nbsp;se&nbsp;pristupa&nbsp;(IP&nbsp;adresa);&nbsp;<\/li><li>vreme&nbsp;upita&nbsp;servera;<\/li><\/ul>\n\n\n\n<p>&nbsp;Podaci koji se prikupljaju prilikom posete koriste se za evaluaciju&nbsp;mediaplannerblog.com, sastavljanje raznih izve\u0161taja o aktivnostima i za pru\u017eanje drugih usluga vezanih za kori\u0161\u0107enje stranica i interneta. Podaci se obra\u0111uju u svrhu istra\u017eivanja tr\u017ei\u0161ta i prilago\u0111avanja stranica mediaplannerblog.com. IP adrese su&nbsp;anonimizovane&nbsp;tako da nije mogu\u0107e utvrditi va\u0161 identitet i ni pod kojim uslovima ne\u0107e biti povezana sa drugim podacima Google. Vi\u0161e informacija o za\u0161titi podataka vezano za Google&nbsp;Analytics&nbsp;mo\u017eete videti <strong><em><a href=\"https:\/\/support.google.com\/analytics\/answer\/6004245?hl=sr\">OVDE<\/a><\/em><\/strong>.<\/p>\n\n\n\n<h4 class=\"wp-block-heading\"><strong>Dru\u0161tvene mre\u017ee<\/strong><\/h4>\n\n\n\n<p>Podatke prikupljene na dru\u0161tvenim mre\u017eama obra\u0111ujemo u svrhu informisanja korisnika o aktuelnim de\u0161avanjima, a u cilju interakcije i unapre\u0111enja odnosa sa pratiocima. Ove podatke velikim delom obra\u0111uje sam operater i mediaplannerblog.com&nbsp;ima ograni\u010den uticaj. Informacije o obradi podataka od strane operatera platforma dru\u0161tvenih mre\u017ea i o mogu\u0107nostima prigovora mo\u017eete prona\u0107i u njihovim pravilima o za\u0161titi podataka:&nbsp;<\/p>\n\n\n\n<ul class=\"wp-block-list\"><li><a href=\"https:\/\/www.facebook.com\/privacy\/explanation\">Facebook<\/a><\/li><li><a href=\"https:\/\/help.instagram.com\/519522125107875\">Instagram<\/a><\/li><\/ul>\n\n\n\n<p>Sve podatke koji se prikupe na dru\u0161tvenim mre\u017eama na osnovu pristanka (komentari, slike, video snimci,&nbsp;lajkovi) objavljuje operater. Mediaplannerblog.com&nbsp;ne deli ove podatke sa tre\u0107im licima i zadr\u017eava pravo brisanja nezakonitih sadr\u017eaja, komentara mr\u017enje, eksplicitnog sadr\u017eaja i podataka koji predstavljaju krivi\u010dno delo.<\/p>\n\n\n\n<p>Sa operaterom dru\u0161tvene mre\u017ee postoji odnos u skladu sa \u010dl. 45 Zakona (zajedni\u010dka odgovornost):<\/p>\n\n\n\n<p>Za metode web pra\u0107enja koje operater platforme dru\u0161tvene mre\u017ee omogu\u0107ava, operater i mi smo zajedni\u010dki odgovorni. Web pra\u0107enje (webtracking) mo\u017ee pritom da usledi i nezavisno od toga da li ste na platformu dru\u0161tvene mre\u017ee prijavljeni ili registrovani. Kao \u0161to smo ve\u0107 napomenuli, na\u017ealost samo ograni\u010deno mo\u017eemo da uti\u010demo na metode web pra\u0107enja operatera, na primer ne mo\u017eemo da ih isklju\u010dimo.&nbsp;<\/p>\n\n\n\n<p>Pravni osnov za metode web pra\u0107enja je legitiman interes, koji se sastoji u tome da se platforma dru\u0161tvene mre\u017ee optimizuje.&nbsp;<\/p>\n\n\n\n<h3 class=\"wp-block-heading\">3. <strong>Ko ima pristup va\u0161im podacima?<\/strong>&nbsp;<\/h3>\n\n\n\n<p>Mediaplannerblog.com&nbsp;je od izuzetne va\u017enosti za\u0161tita va\u0161ih podataka o li\u010dnosti i zato vodimo ra\u010duna da oni ne budu ustupljeni neovla\u0161\u0107enim licima.&nbsp;Unutar mediaplannerblog.com&nbsp;pristup ovim podacima imaju samo oni zaposleni kojima su isti neophodni za ispunjenje svrhe za koju su podaci o li\u010dnosti prikupljeni, a kojima je u opisu posla obrada podataka o li\u010dnosti.<\/p>\n\n\n\n<p>U cilju pru\u017eanja odre\u0111enih usluga va\u0161e podatke mo\u017eemo ustupiti tre\u0107im licima, na primer na\u0161im IT partnerima koji se bave odr\u017eavanjem sajta.&nbsp;U svim ovim slu\u010dajevima na\u0161 odnos sa eksternim partnerima i na\u010din za\u0161tite i postupanja sa va\u0161im podacima o li\u010dnosti obezbedili smo ugovorima u skladu sa Zakonom.<\/p>\n\n\n\n<p>Va\u0161e podatke ne iznosimo van teritorije Republike Srbije.&nbsp;<\/p>\n\n\n\n<h3 class=\"wp-block-heading\">4. <strong>Koliko dugo \u010duvamo va\u0161e podatke?<\/strong>&nbsp;<\/h3>\n\n\n\n<p>Va\u0161e li\u010dne podatke \u010duvamo onoliko koliko je potrebno za ispunjenje gore navedenih svrha i pri tome vodimo ra\u010duna o zakonskim obavezama \u010duvanja podataka o li\u010dnosti. Podaci prikupljeni na osnovu saglasnosti \u0107e se obra\u0111ivati sve do povla\u010denja date saglasnosti ili pre toga ukoliko je ostvarena svrha za koju smo prikupljali podatke. Opoziv saglasnosti ne uti\u010de na dopu\u0161tenost obrade koja je vr\u0161ena na osnovu saglasnosti pre opoziva.&nbsp;<\/p>\n\n\n\n<h3 class=\"wp-block-heading\">5. <strong>Podaci o maloletnim licima i&nbsp;bezbedonosne&nbsp;mere<\/strong><\/h3>\n\n\n\n<p>Mediaplannerblog.com&nbsp;ne obra\u0111uje namerno podatke o li\u010dnosti maloletne dece ispod 16 godina. Preporu\u010duje se odraslima da pravilno nadziru maloletnike pod svojim starateljstvom dok pretra\u017euju po internetu, a naro\u010dito kada je omogu\u0107eno ostavljanje li\u010dnih podataka.&nbsp;<\/p>\n\n\n\n<p>Da bi se osigurala za\u0161tita podataka o li\u010dnosti usvojen je \u010ditav niz pravila i postavljeni su mehanizmi koji reguli\u0161u obradu i za\u0161titu podataka o li\u010dnosti. Pristup podacima o li\u010dnosti je dozvoljen samo ovla\u0161\u0107enim licima, postoje jake politike lozinki i imenovano je lice za za\u0161titu podataka o li\u010dnosti koje poma\u017ee u procesu za\u0161tite i obezbe\u0111ivanja bezbednosti li\u010dnih podataka i koje vodi ra\u010duna o njihovoj uskla\u0111enosti sa Zakonom. Mediaplannerblog.com&nbsp;konstantno prati i u zavisnosti od potreba unapre\u0111uje&nbsp;bezbedonosne&nbsp;mere kako bi spre\u010dila neovla\u0161\u0107eni pristup, gubitak ili&nbsp;uni\u0161enje&nbsp;podataka o li\u010dnosti.<\/p>\n\n\n\n<h3 class=\"wp-block-heading\"><strong>6. Koja prava imate kao lice na koje se prava odnose?<\/strong>&nbsp;<\/h3>\n\n\n\n<p>U svakom trenutku mo\u017eete nam se obratiti sa nekim od navedenih zahteva:<\/p>\n\n\n\n<ul class=\"wp-block-list\"><li>da vam omogu\u0107imo pristup va\u0161im li\u010dnim podacima, da odgovorimo za koje svrhe se koriste podaci koji se ti\u010du vas, kao i da pristupite takvim li\u010dnim podacima, da znate svrhu obrade, kategorije va\u0161ih li\u010dnih podataka koje \u010duvamo, tre\u0107e, strane ili kategorije tre\u0107ih strana sa kojima se va\u0161i li\u010dni podaci dele, period tokom kog zadr\u017eavamo podatke;&nbsp;<\/li><li>da zahtevate ispravku neta\u010dnih, pogre\u0161no unetih i\/ili zastarelih podataka;&nbsp;<\/li><\/ul>\n\n\n\n<ul class=\"wp-block-list\"><li>da&nbsp;zatra\u017eite&nbsp;brisanje&nbsp;va\u0161ih&nbsp;li\u010dnih&nbsp;podataka&nbsp;ukoliko&nbsp;se&nbsp;obrada&nbsp;zasniva&nbsp;na&nbsp;va\u0161em&nbsp;pristanku,&nbsp;legitimnom&nbsp;interesu&nbsp;ili&nbsp;ukoliko&nbsp;podaci&nbsp;o&nbsp;li\u010dnosti&nbsp;vi\u0161e&nbsp;nisu&nbsp;neophodni&nbsp;za&nbsp;ostvarivanje&nbsp;svrhe&nbsp;zbog&nbsp;koje&nbsp;su&nbsp;prikupljeni;&nbsp;<\/li><li>da&nbsp;zahtevate&nbsp;ograni\u010denje&nbsp;obrade&nbsp;va\u0161ih&nbsp;podataka,&nbsp;ukoliko&nbsp;osporavate&nbsp;ta\u010dnost&nbsp;podataka&nbsp;o&nbsp;li\u010dnosti&nbsp;u&nbsp;roku&nbsp;koji&nbsp;omogu\u0107ava&nbsp;rukovaocu&nbsp;proveru&nbsp;ta\u010dnosti&nbsp;podatka&nbsp;o&nbsp;li\u010dnosti,&nbsp;ukoliko&nbsp;smatrate&nbsp;da je&nbsp;obrada&nbsp;nezakonita, a&nbsp;ne&nbsp;\u017eelite&nbsp;da se&nbsp;podaci&nbsp;obri\u0161u,&nbsp;ako&nbsp;ste&nbsp;istakli&nbsp;prigovor&nbsp;ili&nbsp;ako&nbsp;smatrate&nbsp;da&nbsp;mediaplannerblog.com&nbsp;vi\u0161e&nbsp;nisu&nbsp;potrebni&nbsp;va\u0161i&nbsp;podaci;&nbsp;<\/li><li>da&nbsp;podnesete&nbsp;prigovor&nbsp;na&nbsp;na\u010din&nbsp;na&nbsp;koji&nbsp;obra\u0111ujemo&nbsp;va\u0161e&nbsp;podatke,&nbsp;\u010dak&nbsp;i&nbsp;u&nbsp;slu\u010dajevima&nbsp;kada&nbsp;nije&nbsp;sporno&nbsp;da&nbsp;podatke&nbsp;obra\u0111ujemo&nbsp;u&nbsp;skladu&nbsp;sa&nbsp;Zakonom;&nbsp;<\/li><li>da&nbsp;uputite&nbsp;pritu\u017ebu&nbsp;Povereniku&nbsp;za&nbsp;za\u0161titu&nbsp;podataka&nbsp;o&nbsp;li\u010dnosti, u&nbsp;skladu&nbsp;sa&nbsp;Zakonom;&nbsp;<\/li><\/ul>\n\n\n\n<p>Za&nbsp;sva&nbsp;dodatna&nbsp;pitanja&nbsp;i&nbsp;zahteve&nbsp;u&nbsp;vezi&nbsp;sa&nbsp;obradom&nbsp;podataka&nbsp;o&nbsp;li\u010dnosti&nbsp;mo\u017eete&nbsp;da&nbsp;kontaktirate&nbsp;Lice za&nbsp;za\u0161titu&nbsp;podataka&nbsp;o&nbsp;li\u010dnosti&nbsp;predrag.arandjelovic@mediaplannerblog.com<\/p>\n\n\n\n<h3 class=\"wp-block-heading\">7. <strong>Stupanje na snagu i izmene Politike privatnosti<\/strong>&nbsp;<\/h3>\n\n\n\n<p>Ova Politika privatnosti stupa na snagu dana 01.01.2021.godine.&nbsp;<\/p>\n\n\n\n<p>Politika privatnosti mo\u017ee biti izmenjena ili dopunjena, u zavisnosti od potreba i promene procesa u mediaplannerblog.com, promene zakonskih okvira ili na zahtev nadle\u017enog organa (Poverenika za za\u0161titu informaciju od javnog zna\u010daja i za\u0161titu podataka o li\u010dnosti).&nbsp;<\/p>\n\n\n\n<p>Preporu\u010duje se da korisnici redovno prate izmene i dopune Politike privatnosti, na mediaplannerblog.com.&nbsp;<\/p>","protected":false},"excerpt":{"rendered":"<p>Dobrodo\u0161li na mediaplannerblog.com! Kao iskusan marketing stru\u010dnjak i neko ko ceni va\u0161u privatnost \u017eelim da vas informi\u0161em, na jedan krajnje transparentan na\u010din, kako mediaplannerblog.com&nbsp;koristi va\u0161e podatke i brine o njihovoj bezbednosti. Ovde mo\u017eete videti informacije o svim podacima koje prikuplja mediaplannerblog.com prilikom va\u0161e posete ili prilikom prijave na neki od njegovih servisa.&nbsp; Podaci o li\u010dnosti [&hellip;]<\/p>\n","protected":false},"author":2,"featured_media":0,"parent":0,"menu_order":0,"comment_status":"closed","ping_status":"closed","template":"","meta":{"_genesis_hide_title":false,"_genesis_hide_breadcrumbs":false,"_genesis_hide_singular_image":false,"_genesis_hide_footer_widgets":false,"_genesis_custom_body_class":"","_genesis_custom_post_class":"","_genesis_layout":"full-width-content","footnotes":""},"categories":[],"tags":[],"class_list":{"0":"post-930","1":"page","2":"type-page","3":"status-publish","5":"entry"},"yoast_head":"<!-- This site is optimized with the Yoast SEO plugin v27.4 - https:\/\/yoast.com\/product\/yoast-seo-wordpress\/ -->\n<title>Politika privatnosti - mediaplannerblog<\/title>\n<meta name=\"robots\" content=\"noindex, nofollow\" \/>\n<meta property=\"og:locale\" content=\"sr_RS\" \/>\n<meta property=\"og:type\" content=\"article\" \/>\n<meta property=\"og:title\" content=\"Politika privatnosti - mediaplannerblog\" \/>\n<meta property=\"og:description\" content=\"Dobrodo\u0161li na mediaplannerblog.com! Kao iskusan marketing stru\u010dnjak i neko ko ceni va\u0161u privatnost \u017eelim da vas informi\u0161em, na jedan krajnje transparentan na\u010din, kako mediaplannerblog.com&nbsp;koristi va\u0161e podatke i brine o njihovoj bezbednosti. Ovde mo\u017eete videti informacije o svim podacima koje prikuplja mediaplannerblog.com prilikom va\u0161e posete ili prilikom prijave na neki od njegovih servisa.&nbsp; Podaci o li\u010dnosti [&hellip;]\" \/>\n<meta property=\"og:url\" content=\"https:\/\/mediaplannerblog.com\/sr\/politika-privatnosti\/\" \/>\n<meta property=\"og:site_name\" content=\"mediaplannerblog\" \/>\n<meta property=\"article:publisher\" content=\"https:\/\/www.facebook.com\/mediaplannerblog\" \/>\n<meta property=\"article:modified_time\" content=\"2021-03-12T05:24:02+00:00\" \/>\n<meta property=\"og:image\" content=\"https:\/\/mediaplannerblog.com\/wp-content\/uploads\/2021\/03\/mediaplannerblog-logo1200x600.png\" \/>\n\t<meta property=\"og:image:width\" content=\"5000\" \/>\n\t<meta property=\"og:image:height\" content=\"2501\" \/>\n\t<meta property=\"og:image:type\" content=\"image\/png\" \/>\n<meta name=\"twitter:card\" content=\"summary_large_image\" \/>\n<meta name=\"twitter:label1\" content=\"\u041f\u0440\u043e\u0446\u0435\u045a\u0435\u043d\u043e \u0432\u0440\u0435\u043c\u0435 \u0447\u0438\u0442\u0430\u045a\u0430\" \/>\n\t<meta name=\"twitter:data1\" content=\"8 \u043c\u0438\u043d\u0443\u0442\u0430\" \/>\n<script type=\"application\/ld+json\" class=\"yoast-schema-graph\">{\"@context\":\"https:\\\/\\\/schema.org\",\"@graph\":[{\"@type\":\"WebPage\",\"@id\":\"https:\\\/\\\/mediaplannerblog.com\\\/politika-privatnosti\\\/\",\"url\":\"https:\\\/\\\/mediaplannerblog.com\\\/politika-privatnosti\\\/\",\"name\":\"Politika privatnosti - mediaplannerblog\",\"isPartOf\":{\"@id\":\"https:\\\/\\\/mediaplannerblog.com\\\/#website\"},\"datePublished\":\"2021-03-04T15:36:01+00:00\",\"dateModified\":\"2021-03-12T05:24:02+00:00\",\"breadcrumb\":{\"@id\":\"https:\\\/\\\/mediaplannerblog.com\\\/politika-privatnosti\\\/#breadcrumb\"},\"inLanguage\":\"sr-RS\",\"potentialAction\":[{\"@type\":\"ReadAction\",\"target\":[\"https:\\\/\\\/mediaplannerblog.com\\\/politika-privatnosti\\\/\"]}]},{\"@type\":\"BreadcrumbList\",\"@id\":\"https:\\\/\\\/mediaplannerblog.com\\\/politika-privatnosti\\\/#breadcrumb\",\"itemListElement\":[{\"@type\":\"ListItem\",\"position\":1,\"name\":\"Naslovna\",\"item\":\"https:\\\/\\\/mediaplannerblog.com\\\/\"},{\"@type\":\"ListItem\",\"position\":2,\"name\":\"Politika privatnosti\"}]},{\"@type\":\"WebSite\",\"@id\":\"https:\\\/\\\/mediaplannerblog.com\\\/#website\",\"url\":\"https:\\\/\\\/mediaplannerblog.com\\\/\",\"name\":\"mediaplannerblog\",\"description\":\"Blog o osnovama marketinga i na\u010dinu na koji funkcioni\u0161u mediji. Sve ono \u0161to vas zanima o digitalnom marketingu, SEM, SEO, Google Analytics, kao i offline medijima\",\"publisher\":{\"@id\":\"https:\\\/\\\/mediaplannerblog.com\\\/#organization\"},\"potentialAction\":[{\"@type\":\"SearchAction\",\"target\":{\"@type\":\"EntryPoint\",\"urlTemplate\":\"https:\\\/\\\/mediaplannerblog.com\\\/?s={search_term_string}\"},\"query-input\":{\"@type\":\"PropertyValueSpecification\",\"valueRequired\":true,\"valueName\":\"search_term_string\"}}],\"inLanguage\":\"sr-RS\"},{\"@type\":\"Organization\",\"@id\":\"https:\\\/\\\/mediaplannerblog.com\\\/#organization\",\"name\":\"MEDIAPLANNERBLOG\",\"url\":\"https:\\\/\\\/mediaplannerblog.com\\\/\",\"logo\":{\"@type\":\"ImageObject\",\"inLanguage\":\"sr-RS\",\"@id\":\"https:\\\/\\\/mediaplannerblog.com\\\/#\\\/schema\\\/logo\\\/image\\\/\",\"url\":\"https:\\\/\\\/mediaplannerblog.com\\\/wp-content\\\/uploads\\\/2020\\\/11\\\/9-prema-16-full-HD.png\",\"contentUrl\":\"https:\\\/\\\/mediaplannerblog.com\\\/wp-content\\\/uploads\\\/2020\\\/11\\\/9-prema-16-full-HD.png\",\"width\":4501,\"height\":8001,\"caption\":\"MEDIAPLANNERBLOG\"},\"image\":{\"@id\":\"https:\\\/\\\/mediaplannerblog.com\\\/#\\\/schema\\\/logo\\\/image\\\/\"},\"sameAs\":[\"https:\\\/\\\/www.facebook.com\\\/mediaplannerblog\",\"https:\\\/\\\/www.instagram.com\\\/mediaplannerblog\\\/\"]}]}<\/script>\n<!-- \/ Yoast SEO plugin. -->","yoast_head_json":{"title":"Politika privatnosti - mediaplannerblog","robots":{"index":"noindex","follow":"nofollow"},"og_locale":"sr_RS","og_type":"article","og_title":"Politika privatnosti - mediaplannerblog","og_description":"Dobrodo\u0161li na mediaplannerblog.com! Kao iskusan marketing stru\u010dnjak i neko ko ceni va\u0161u privatnost \u017eelim da vas informi\u0161em, na jedan krajnje transparentan na\u010din, kako mediaplannerblog.com&nbsp;koristi va\u0161e podatke i brine o njihovoj bezbednosti. Ovde mo\u017eete videti informacije o svim podacima koje prikuplja mediaplannerblog.com prilikom va\u0161e posete ili prilikom prijave na neki od njegovih servisa.&nbsp; Podaci o li\u010dnosti [&hellip;]","og_url":"https:\/\/mediaplannerblog.com\/sr\/politika-privatnosti\/","og_site_name":"mediaplannerblog","article_publisher":"https:\/\/www.facebook.com\/mediaplannerblog","article_modified_time":"2021-03-12T05:24:02+00:00","og_image":[{"width":5000,"height":2501,"url":"https:\/\/mediaplannerblog.com\/wp-content\/uploads\/2021\/03\/mediaplannerblog-logo1200x600.png","type":"image\/png"}],"twitter_card":"summary_large_image","twitter_misc":{"\u041f\u0440\u043e\u0446\u0435\u045a\u0435\u043d\u043e \u0432\u0440\u0435\u043c\u0435 \u0447\u0438\u0442\u0430\u045a\u0430":"8 \u043c\u0438\u043d\u0443\u0442\u0430"},"schema":{"@context":"https:\/\/schema.org","@graph":[{"@type":"WebPage","@id":"https:\/\/mediaplannerblog.com\/politika-privatnosti\/","url":"https:\/\/mediaplannerblog.com\/politika-privatnosti\/","name":"Politika privatnosti - mediaplannerblog","isPartOf":{"@id":"https:\/\/mediaplannerblog.com\/#website"},"datePublished":"2021-03-04T15:36:01+00:00","dateModified":"2021-03-12T05:24:02+00:00","breadcrumb":{"@id":"https:\/\/mediaplannerblog.com\/politika-privatnosti\/#breadcrumb"},"inLanguage":"sr-RS","potentialAction":[{"@type":"ReadAction","target":["https:\/\/mediaplannerblog.com\/politika-privatnosti\/"]}]},{"@type":"BreadcrumbList","@id":"https:\/\/mediaplannerblog.com\/politika-privatnosti\/#breadcrumb","itemListElement":[{"@type":"ListItem","position":1,"name":"Naslovna","item":"https:\/\/mediaplannerblog.com\/"},{"@type":"ListItem","position":2,"name":"Politika privatnosti"}]},{"@type":"WebSite","@id":"https:\/\/mediaplannerblog.com\/#website","url":"https:\/\/mediaplannerblog.com\/","name":"mediaplannerblog","description":"Blog o osnovama marketinga i na\u010dinu na koji funkcioni\u0161u mediji. Sve ono \u0161to vas zanima o digitalnom marketingu, SEM, SEO, Google Analytics, kao i offline medijima","publisher":{"@id":"https:\/\/mediaplannerblog.com\/#organization"},"potentialAction":[{"@type":"SearchAction","target":{"@type":"EntryPoint","urlTemplate":"https:\/\/mediaplannerblog.com\/?s={search_term_string}"},"query-input":{"@type":"PropertyValueSpecification","valueRequired":true,"valueName":"search_term_string"}}],"inLanguage":"sr-RS"},{"@type":"Organization","@id":"https:\/\/mediaplannerblog.com\/#organization","name":"MEDIAPLANNERBLOG","url":"https:\/\/mediaplannerblog.com\/","logo":{"@type":"ImageObject","inLanguage":"sr-RS","@id":"https:\/\/mediaplannerblog.com\/#\/schema\/logo\/image\/","url":"https:\/\/mediaplannerblog.com\/wp-content\/uploads\/2020\/11\/9-prema-16-full-HD.png","contentUrl":"https:\/\/mediaplannerblog.com\/wp-content\/uploads\/2020\/11\/9-prema-16-full-HD.png","width":4501,"height":8001,"caption":"MEDIAPLANNERBLOG"},"image":{"@id":"https:\/\/mediaplannerblog.com\/#\/schema\/logo\/image\/"},"sameAs":["https:\/\/www.facebook.com\/mediaplannerblog","https:\/\/www.instagram.com\/mediaplannerblog\/"]}]}},"featured_image_src":null,"featured_image_src_square":null,"_links":{"self":[{"href":"https:\/\/mediaplannerblog.com\/sr\/wp-json\/wp\/v2\/pages\/930","targetHints":{"allow":["GET"]}}],"collection":[{"href":"https:\/\/mediaplannerblog.com\/sr\/wp-json\/wp\/v2\/pages"}],"about":[{"href":"https:\/\/mediaplannerblog.com\/sr\/wp-json\/wp\/v2\/types\/page"}],"author":[{"embeddable":true,"href":"https:\/\/mediaplannerblog.com\/sr\/wp-json\/wp\/v2\/users\/2"}],"replies":[{"embeddable":true,"href":"https:\/\/mediaplannerblog.com\/sr\/wp-json\/wp\/v2\/comments?post=930"}],"version-history":[{"count":5,"href":"https:\/\/mediaplannerblog.com\/sr\/wp-json\/wp\/v2\/pages\/930\/revisions"}],"predecessor-version":[{"id":1011,"href":"https:\/\/mediaplannerblog.com\/sr\/wp-json\/wp\/v2\/pages\/930\/revisions\/1011"}],"wp:attachment":[{"href":"https:\/\/mediaplannerblog.com\/sr\/wp-json\/wp\/v2\/media?parent=930"}],"wp:term":[{"taxonomy":"category","embeddable":true,"href":"https:\/\/mediaplannerblog.com\/sr\/wp-json\/wp\/v2\/categories?post=930"},{"taxonomy":"post_tag","embeddable":true,"href":"https:\/\/mediaplannerblog.com\/sr\/wp-json\/wp\/v2\/tags?post=930"}],"curies":[{"name":"wp","href":"https:\/\/api.w.org\/{rel}","templated":true}]}}